{"version":"1.0","provider_name":"Pete L\u00e1szl\u00f3 Mikl\u00f3s versei","provider_url":"https:\/\/lnpetersversei.cafeblog.hu","author_name":"Pete L\u00e1szl\u00f3 Mikl\u00f3s","author_url":"https:\/\/lnpetersversei.cafeblog.hu\/author\/pete_laszlo_miklos\/","title":"Az els\u0151 igazi tavaszi nap","html":"<p><a href=\"https:\/\/lnpetersversei.cafeblog.hu\/files\/2021\/03\/Az-els\u0151-igazi-tavaszi-nap.jpg\"><img class=\"alignnone size-medium wp-image-7743\" src=\"https:\/\/lnpetersversei.cafeblog.hu\/files\/2021\/03\/Az-els\u0151-igazi-tavaszi-nap-300x200.jpg\" alt=\"\" width=\"300\" height=\"200\" \/><\/a><\/p>\r\n<p>&nbsp;<\/p>\r\n<p>Az els\u0151 igazi<\/p>\r\n<p>Tavaszi nap,<\/p>\r\n<p>Az ember v\u00e9gre<\/p>\r\n<p>\u00daj er\u0151re kap.<\/p>\r\n<p>&nbsp;<\/p>\r\n<p>Eltakarodott<\/p>\r\n<p>M\u00e1r a fagy-tat\u00e1r,<\/p>\r\n<p>Az ember \u00fajra<\/p>\r\n<p>Sz\u00e9p J\u00f6v\u0151re v\u00e1r.<\/p>\r\n<p>&nbsp;<\/p>\r\n<p>Felsz\u00e1radt m\u00e1r a<\/p>\r\n<p>S\u00e1r az udvaron,<\/p>\r\n<p>A satnya f\u0171ben<\/p>\r\n<p>Friss Rem\u00e9ny oson.<\/p>\r\n<p>&nbsp;<\/p>\r\n<p>Az ember j\u00f3kedve<\/p>\r\n<p>Mark\u00e1ba csap,<\/p>\r\n<p>Az els\u0151 igazi<\/p>\r\n<p>Tavaszi nap.<\/p>\r\n<p>&nbsp;<\/p>","type":"rich"}