{"version":"1.0","provider_name":"Pete L\u00e1szl\u00f3 Mikl\u00f3s versei","provider_url":"https:\/\/lnpetersversei.cafeblog.hu","author_name":"Pete L\u00e1szl\u00f3 Mikl\u00f3s","author_url":"https:\/\/lnpetersversei.cafeblog.hu\/author\/pete_laszlo_miklos\/","title":"Mi az, ami...","html":"<p>Mi az, ami\u2026<\/p>\r\n<p>Folyton fejl\u0151dik, b\u0151v\u00fcl \u00e9vr\u0151l \u00e9vre,<\/p>\r\n<p>B\u00e1bel tornyak\u00e9nt n\u00f6vekszik az \u00e9gre,<\/p>\r\n<p>Azt\u00e1n csak v\u00e9ge,<\/p>\r\n<p>\u00dagy t\u0171nik el,<\/p>\r\n<p>Hogy nem marad pora,<\/p>\r\n<p>\u00c9s kider\u00fcl, hogy nem is volt soha?<\/p>\r\n<p>&nbsp;<\/p>\r\n<p>Mi az, ami\u2026<\/p>\r\n<p>Gyermekkorunkban volt, s terjeszkedett,<\/p>\r\n<p>Azt\u00e1n egy napon v\u00e9gleg odalett,<\/p>\r\n<p>Vagy tal\u00e1n megint \u00fajj\u00e1sz\u00fcletett?<\/p>\r\n<p>&nbsp;<\/p>\r\n<p>Mi az, ami\u2026<\/p>\r\n<p>Azt hiszi, hogy az \u00e9let neki \u00e9l,<\/p>\r\n<p>Mindent mag\u00e1val, s \u00f6nmag\u00e1ra m\u00e9r,<\/p>\r\n<p>Az \u00e9let t\u0151le f\u00fcgg ezer okon,<\/p>\r\n<p>Istent is \u0151 oktatta egykoron,<\/p>\r\n<p>Azt\u00e1n\u2026<\/p>\r\n<p>Kipukkad, mint a luftballon\u2026<\/p>\r\n<p>&nbsp;<\/p>\r\n<p>Mi az, ami\u2026<\/p>\r\n<p>Rajta k\u00edv\u00fcl minden elmebeteg,<\/p>\r\n<p>Csak \u00f6sszeesk\u00fcv\u00e9s-elm\u00e9letek<\/p>\r\n<p>L\u00e1thatnak m\u00e1st, vagy m\u00e1snak a vil\u00e1got,<\/p>\r\n<p>Aki nem hisz: elmebeteg vagy v\u00e1dlott,<\/p>\r\n<p>Regn\u00e1l,<\/p>\r\n<p>Id\u00e9z,<\/p>\r\n<p>Megszab,<\/p>\r\n<p>Tan\u00e1csot ad,<\/p>\r\n<p>Hal\u00e1lt okoz, vagy sorsot v\u00e1logat,<\/p>\r\n<p>Azt hiszi, egyed\u00fcl r\u00e1 van ig\u00e9ny,<\/p>\r\n<p>Pedig haland\u00f3bb, mint a vak rem\u00e9ny.<\/p>\r\n<p>&nbsp;<\/p>\r\n<p>Mi az, ami\u2026<\/p>\r\n<p>M\u00e1s \u00e1lnevet hord, mint r\u00e9g,<\/p>\r\n<p>Van m\u00e9g,<\/p>\r\n<p>Tal\u00e1n lesz is m\u00e9g,<\/p>\r\n<p>B\u00e1r egy darab j\u00e9g,<\/p>\r\n<p>Tr\u00f3nol, mint az \u00e9g,<\/p>\r\n<p>Nem harc,<\/p>\r\n<p>Sarc,<\/p>\r\n<p>Csupa k\u00f3c,<\/p>\r\n<p>Mint vad\u00f3c boh\u00f3c,<\/p>\r\n<p>Besz\u00e9l\u0151 l\u00e1bos, a b\u00e1bos,<\/p>\r\n<p>Marionettjei r\u00f6f\u00f6gnek,<\/p>\r\n<p>K\u00e9perny\u0151r\u0151l<\/p>\r\n<p>A k\u00e9p\u00fcnkbe r\u00f6h\u00f6gnek.<\/p>\r\n<p>&nbsp;<\/p>\r\n<p>Mi az, ami\u2026<\/p>\r\n<p>Ha egyszer v\u00e9get \u00e9r,<\/p>\r\n<p>Hi\u00e1nya<\/p>\r\n<p>J\u00f6v\u0151t \u00e9r?<\/p>","type":"rich"}