{"version":"1.0","provider_name":"Pete L\u00e1szl\u00f3 Mikl\u00f3s versei","provider_url":"https:\/\/lnpetersversei.cafeblog.hu","author_name":"Pete L\u00e1szl\u00f3 Mikl\u00f3s","author_url":"https:\/\/lnpetersversei.cafeblog.hu\/author\/pete_laszlo_miklos\/","title":"Valamit vissza k\u00e9ne kapni","html":"<p>Valamit vissza k\u00e9ne kapni,<\/p>\r\n<p>Valamit \u00e9lni k\u00e9ne hagyni\u2026<\/p>\r\n<p>&nbsp;<\/p>\r\n<p>\u00c1lmos, rossz zen\u00e9k,<\/p>\r\n<p>Betondzsungelek,<\/p>\r\n<p>S a h\u00e9tk\u00f6znapok, mint a vert sereg,<\/p>\r\n<p>Sebzetten rohannak a m\u00falt fel\u00e9.<\/p>\r\n<p>&nbsp;<\/p>\r\n<p>Valami v\u00e9gleg sz\u00e9tszakadt,<\/p>\r\n<p>Valami \u00a0r\u00e9gen elmaradt.<\/p>\r\n<p>&nbsp;<\/p>\r\n<p>Valamit vissza k\u00e9ne venni,<\/p>\r\n<p>Valamit helyre k\u00e9ne tenni.<\/p>\r\n<p>&nbsp;<\/p>\r\n<p>B\u0171z\u00f6s kocsm\u00e1kban fr\u00f6ccs az \u00e1ldozat,<\/p>\r\n<p>Profaniz\u00e1l\u00f3dott a k\u00e1rhozat,<\/p>\r\n<p>\u00c9s szorgalmas b\u00fcrokrata a s\u00e1t\u00e1n.<\/p>\r\n<p>&nbsp;<\/p>\r\n<p>Hitel-ny\u00edlz\u00e1por,<\/p>\r\n<p>Rabl\u00f3 p\u00e9nz-baranta<\/p>\r\n<p>A Szeretet f\u00f6ldjeit lerohanta,<\/p>\r\n<p>S a gyereket a t\u00e9v\u00e9 neveli.<\/p>\r\n<p>&nbsp;<\/p>\r\n<p>Valamit \u00fajra k\u00e9ne l\u00e1tni,<\/p>\r\n<p>Valami jobbra k\u00e9ne v\u00e1rni.<\/p>\r\n<p>&nbsp;<\/p>\r\n<p>L\u00edra helyett mekeg\u0151 ravatal,<\/p>\r\n<p>K\u00f6lt\u0151ket koron\u00e1z a hivatal,<\/p>\r\n<p>\u00c9s a mes\u00e9t halandzsa \u00fcld\u00f6zi.<\/p>\r\n<p>&nbsp;<\/p>\r\n<p>Valami volt az \u00c9g felett,<\/p>\r\n<p>Valami v\u00e9gleg elveszett.<\/p>\r\n<p>&nbsp;<\/p>\r\n<p>Prof\u00e1n folyam<\/p>\r\n<p>H\u00e1t\u00e1n rohan<\/p>\r\n<p>Haj\u00f3nk a semmibe.<\/p>\r\n<p>&nbsp;<\/p>\r\n<p>Valamit el k\u00e9ne mes\u00e9lni,<\/p>\r\n<p>Valamit \u00fajra k\u00e9ne \u00e9lni.<\/p>\r\n<p>&nbsp;<\/p>\r\n<p>Valamit vissza k\u00e9ne kapni,<\/p>\r\n<p>Valamit vissza k\u00e9ne adni.<\/p>\r\n<p>&nbsp;<\/p>\r\n<p>Modern \u00fcress\u00e9g l\u00e9ha f\u00fcstfal\u00e1t<\/p>\r\n<p>Prof\u00e1n himnusz cs\u00f6rg\u00e9se j\u00e1rja \u00e1t,<\/p>\r\n<p>\u00c9s konzerv-rem\u00e9nys\u00e9gen \u00e9l az ember.<\/p>\r\n<p>&nbsp;<\/p>\r\n<p>Valamit \u00fajra k\u00e9ne l\u00e1tni,<\/p>\r\n<p>Valamit meg k\u00e9ne tal\u00e1lni.<\/p>\r\n<p>&nbsp;<\/p>\r\n<p>Szeretni k\u00e9ne,<\/p>\r\n<p>\u00c9lni,<\/p>\r\n<p>Hinni,<\/p>\r\n<p>Tenni;<\/p>\r\n<p>Emberr\u00e9,<\/p>\r\n<p>\u00d6nmagunkk\u00e1<\/p>\r\n<p>K\u00e9ne<\/p>\r\n<p>Lenni.<\/p>\r\n<p>&nbsp;<\/p>\r\n<p>Fel k\u00e9ne \u00fajra n\u00e9zni v\u00e9gre,<\/p>\r\n<p>Az \u00e9gre.<\/p>\r\n<p>&nbsp;<\/p>\r\n<p>\u00dajra \u00e9lni,<\/p>\r\n<p>A J\u00f3t v\u00e1lasztani;<\/p>\r\n<p>Valamit fel k\u00e9ne<\/p>\r\n<p>&nbsp;<\/p>\r\n<p>T\u00e1masztani.<\/p>\r\n<p>&nbsp;<\/p>","type":"rich"}